{"id":2910,"date":"2024-07-09T09:53:34","date_gmt":"2024-07-09T07:53:34","guid":{"rendered":"https:\/\/www.ovive.fr\/metiers\/diseno-y-construccion\/"},"modified":"2024-11-07T12:50:34","modified_gmt":"2024-11-07T11:50:34","slug":"diseno-y-construccion","status":"publish","type":"metiers","link":"https:\/\/www.ovive.fr\/es\/comercios\/diseno-y-construccion\/","title":{"rendered":"Dise\u00f1o y construcci\u00f3n"},"content":{"rendered":"\n<h1 class=\"wp-block-heading has-bleu-nuit-color has-text-color has-link-color has-x-large-font-size wp-elements-eab94aa839a459604cc07768c80297c6\">Dise\u00f1o y construcci\u00f3n<\/h1>\n\n<div style=\"height:30px\" aria-hidden=\"true\" class=\"wp-block-spacer qce-global__row-space-30\"><\/div>\n\n<div class=\"wp-block-cover alignfull has-custom-content-position is-position-bottom-center qce-banner-full-width\" style=\"border-radius:10px;min-height:650px;aspect-ratio:unset;\"><span aria-hidden=\"true\" class=\"wp-block-cover__background has-background-dim wp-block-cover__gradient-background has-background-gradient has-custom-gradient-3-gradient-background\"><\/span><img loading=\"lazy\" decoding=\"async\" width=\"1200\" height=\"800\" class=\"wp-block-cover__image-background wp-image-369\" alt=\"\" src=\"https:\/\/www.ovive.fr\/wp-content\/uploads\/2024\/05\/2024-03-Ovive-021.webp\" data-object-fit=\"cover\" srcset=\"https:\/\/www.ovive.fr\/wp-content\/uploads\/2024\/05\/2024-03-Ovive-021.webp 1200w, https:\/\/www.ovive.fr\/wp-content\/uploads\/2024\/05\/2024-03-Ovive-021-300x200.webp 300w, https:\/\/www.ovive.fr\/wp-content\/uploads\/2024\/05\/2024-03-Ovive-021-1024x683.webp 1024w, https:\/\/www.ovive.fr\/wp-content\/uploads\/2024\/05\/2024-03-Ovive-021-768x512.webp 768w\" sizes=\"auto, (max-width: 1200px) 100vw, 1200px\" \/><div class=\"wp-block-cover__inner-container has-global-padding is-layout-constrained wp-block-cover-is-layout-constrained\">\n<h2 class=\"wp-block-heading has-white-color has-text-color has-link-color wp-elements-88b3c6a79f7abcaf667d7c2cdf95a28a\"><br\/>Nuestro medio ambiente merece el mejor trato<\/h2>\n\n\n\n<div class=\"wp-block-group has-global-padding is-content-justification-left is-layout-constrained wp-container-core-group-is-layout-1f6a9377 wp-block-group-is-layout-constrained\">\n<p class=\"has-white-color has-text-color has-link-color wp-elements-4dba38cbb954dc0a468550aa120126ad\">Ovive, colaborando con los fabricantes en la conservaci\u00f3n de sus recursos desde hace m\u00e1s de 25 a\u00f1os.<\/p>\n<\/div>\n<\/div><\/div>\n\n<div style=\"height:80px\" aria-hidden=\"true\" class=\"wp-block-spacer qce-global__row-space-80\"><\/div>\n\n<h2 class=\"wp-block-heading has-bleu-nuit-color has-text-color has-link-color wp-elements-4c57edfe2fbf01f725c34e13ce481712\"><br\/>La visi\u00f3n del operador en el centro de nuestro dise\u00f1o y construcci\u00f3n<\/h2>\n\n<p><br\/><br\/><br\/>Ovive integra la visi\u00f3n del operador desde la fase de dise\u00f1o y construcci\u00f3n de una instalaci\u00f3n de tratamiento de aguas residuales, lo que nos permite mejorar la eficacia y el rendimiento de la instalaci\u00f3n mediante un conocimiento profundo de las necesidades reales, la elecci\u00f3n de las tecnolog\u00edas adecuadas y la integraci\u00f3n de los aspectos operativos. Este enfoque tambi\u00e9n ayuda a reducir los costes y optimizar los recursos, fomentando la sostenibilidad de la instalaci\u00f3n y optimizando las opciones t\u00e9cnicas. Se facilita el funcionamiento y se aumenta la seguridad. <\/p>\n\n<div class=\"wp-block-buttons is-layout-flex wp-block-buttons-is-layout-flex\">\n<div class=\"wp-block-button is-style-outline is-style-outline--1\"><a class=\"wp-block-button__link wp-element-button\" href=\"\/es\/sectores\/\">Sectores de actividad<\/a><\/div>\n\n\n\n<div class=\"wp-block-button is-style-fill open-popup bouton_contact\"><a class=\"wp-block-button__link wp-element-button\">Habla con nosotros<\/a><\/div>\n<\/div>\n\n<div style=\"height:80px\" aria-hidden=\"true\" class=\"wp-block-spacer qce-global__row-space-80\"><\/div>\n\n<p class=\"has-bleu-nuit-color has-text-color has-link-color has-x-large-font-size wp-elements-da28912f9a07574d12ab302c471632dd\" style=\"text-transform:uppercase\"><br\/>El tratamiento del agua, asunto de profesionales<\/p>\n\n<div style=\"height:30px\" aria-hidden=\"true\" class=\"wp-block-spacer qce-global__row-space-30\"><\/div>\n\n<div class=\"wp-block-cover alignfull is-light has-custom-content-position is-position-bottom-center qce-banner-full-width\" style=\"border-radius:10px;min-height:330px;aspect-ratio:unset;\"><span aria-hidden=\"true\" class=\"wp-block-cover__background has-background-dim-0 has-background-dim\"><\/span><img loading=\"lazy\" decoding=\"async\" width=\"1200\" height=\"800\" class=\"wp-block-cover__image-background wp-image-809\" alt=\"\" src=\"https:\/\/www.ovive.fr\/wp-content\/uploads\/2024\/07\/2024-03-Ovive-046.webp\" data-object-fit=\"cover\" srcset=\"https:\/\/www.ovive.fr\/wp-content\/uploads\/2024\/07\/2024-03-Ovive-046.webp 1200w, https:\/\/www.ovive.fr\/wp-content\/uploads\/2024\/07\/2024-03-Ovive-046-300x200.webp 300w, https:\/\/www.ovive.fr\/wp-content\/uploads\/2024\/07\/2024-03-Ovive-046-1024x683.webp 1024w, https:\/\/www.ovive.fr\/wp-content\/uploads\/2024\/07\/2024-03-Ovive-046-768x512.webp 768w\" sizes=\"auto, (max-width: 1200px) 100vw, 1200px\" \/><div class=\"wp-block-cover__inner-container has-global-padding is-layout-constrained wp-block-cover-is-layout-constrained\">\n<div class=\"wp-block-group has-global-padding is-content-justification-left is-layout-constrained wp-container-core-group-is-layout-1f6a9377 wp-block-group-is-layout-constrained\"><\/div>\n<\/div><\/div>\n\n<div style=\"height:30px\" aria-hidden=\"true\" class=\"wp-block-spacer qce-global__row-space-30\"><\/div>\n\n<div class=\"wp-block-group qce-element__details qce-details-icons is-vertical is-layout-flex wp-container-core-group-is-layout-fe9cc265 wp-block-group-is-layout-flex\">\n<details class=\"wp-block-details qce-details icon-presence-locale has-bleu-nuit-color has-text-color has-link-color has-large-font-size wp-elements-495506526e16c3142c65a8a3f5f74133 is-layout-flow wp-block-details-is-layout-flow\"><summary>Visi\u00f3n operativa<\/summary>\n<p class=\"has-noir-color has-text-color has-link-color has-normal-font-size wp-elements-71832d11f342e2520fb40f0ef3f51e2d\">M\u00e1s de 250 referencias de instalaci\u00f3n<\/p>\n<\/details>\n\n\n\n<details class=\"wp-block-details qce-details icon-expertise has-bleu-nuit-color has-text-color has-link-color has-large-font-size wp-elements-842b512f5f9f3bbdd900aa03e2f27590 is-layout-flow wp-block-details-is-layout-flow\"><summary>Experiencia empresarial<\/summary>\n<p class=\"has-noir-color has-text-color has-link-color has-normal-font-size wp-elements-7670dd609c823aa70a5c8988c49c3f50\">+ M\u00e1s de 25 a\u00f1os de experiencia empresarial al servicio de nuestros clientes<\/p>\n<\/details>\n\n\n\n<details class=\"wp-block-details qce-details icon-experiment has-bleu-nuit-color has-text-color has-link-color has-large-font-size wp-elements-9be2ed0b1b0cd240f552f7e837296f1c is-layout-flow wp-block-details-is-layout-flow\"><summary>Calidad<\/summary>\n<p class=\"has-noir-color has-text-color has-link-color has-normal-font-size wp-elements-e4825d2ff66b1e259b17c937a98687a1\">Excelencia y fiabilidad garantizadas por el m\u00e9todo CE<\/p>\n<\/details>\n\n\n\n<details class=\"wp-block-details qce-details icon-france has-bleu-nuit-color has-text-color has-link-color has-large-font-size wp-elements-7e327e0efafaaa6dfaabb0dbe421e33a is-layout-flow wp-block-details-is-layout-flow\"><summary>Sourcing<\/summary>\n<p class=\"has-noir-color has-text-color has-link-color has-normal-font-size wp-elements-7b3b4380f04150a877f27272317e0080\">Centros de producci\u00f3n y almacenamiento y redes nacionales de proveedores<\/p>\n<\/details>\n<\/div>\n\n<div style=\"height:80px\" aria-hidden=\"true\" class=\"wp-block-spacer qce-global__row-space-80\"><\/div>\n\n<div class=\"wp-block-cover alignfull has-custom-content-position is-position-bottom-center qce-banner-full-width\" style=\"border-radius:10px;min-height:650px;aspect-ratio:unset;\"><span aria-hidden=\"true\" class=\"wp-block-cover__background has-background-dim wp-block-cover__gradient-background has-background-gradient has-custom-gradient-2-gradient-background\"><\/span><img loading=\"lazy\" decoding=\"async\" width=\"1200\" height=\"800\" class=\"wp-block-cover__image-background wp-image-1036\" alt=\"\" src=\"https:\/\/www.ovive.fr\/wp-content\/uploads\/2024\/07\/2024-03-Ovive-031.webp\" data-object-fit=\"cover\" srcset=\"https:\/\/www.ovive.fr\/wp-content\/uploads\/2024\/07\/2024-03-Ovive-031.webp 1200w, https:\/\/www.ovive.fr\/wp-content\/uploads\/2024\/07\/2024-03-Ovive-031-300x200.webp 300w, https:\/\/www.ovive.fr\/wp-content\/uploads\/2024\/07\/2024-03-Ovive-031-1024x683.webp 1024w, https:\/\/www.ovive.fr\/wp-content\/uploads\/2024\/07\/2024-03-Ovive-031-768x512.webp 768w\" sizes=\"auto, (max-width: 1200px) 100vw, 1200px\" \/><div class=\"wp-block-cover__inner-container has-global-padding is-layout-constrained wp-block-cover-is-layout-constrained\">\n<h2 class=\"wp-block-heading has-white-color has-text-color has-link-color wp-elements-2b21b2ea3a8f36d746b0185438c74ad7\"><br\/><br\/>A tu lado desde 1999, Ovive opera y mantiene tus equipos.<\/h2>\n\n\n\n<div class=\"wp-block-group has-global-padding is-content-justification-left is-layout-constrained wp-container-core-group-is-layout-1f6a9377 wp-block-group-is-layout-constrained\">\n<p class=\"has-white-color has-text-color has-link-color wp-elements-f65d309eeffe48020e857914aabfdb56\">Tu socio de confianza para el funcionamiento y mantenimiento de tus instalaciones de tratamiento.<\/p>\n\n\n\n<div class=\"wp-block-buttons is-layout-flex wp-block-buttons-is-layout-flex\">\n<div class=\"wp-block-button is-style-outline bouton_interet is-style-outline--2\"><a class=\"wp-block-button__link wp-element-button\" href=\"https:\/\/www.ovive.fr\/es\/ovive\/quienes-somos\/\">Descubre Ovive<\/a><\/div>\n<\/div>\n<\/div>\n<\/div><\/div>\n\n<div style=\"height:80px\" aria-hidden=\"true\" class=\"wp-block-spacer qce-global__row-space-80\"><\/div>\n\n<h2 class=\"wp-block-heading has-bleu-nuit-color has-text-color has-link-color wp-elements-0e76b85bbe4d7af525b33b5684de393d\"><br\/>nuestro apoyo en el dise\u00f1o y la construcci\u00f3n<\/h2>\n\n<div class=\"wp-block-group qce-element__details is-vertical is-layout-flex wp-container-core-group-is-layout-fe9cc265 wp-block-group-is-layout-flex\">\n<details class=\"wp-block-details has-bleu-nuit-color has-text-color has-link-color has-large-font-size wp-elements-347fa8391138f26290d16ac1d541a94f is-layout-flow wp-block-details-is-layout-flow\"><summary>CONSTRUCCI\u00d3N LLAVE EN MANO<\/summary>\n<p class=\"has-noir-color has-text-color has-link-color has-normal-font-size wp-elements-4dd1f3bc81220c8d5d03f404932c5751\">Una soluci\u00f3n \u00fanica de construcci\u00f3n llave en mano, respaldada por la pericia de operadores experimentados y m\u00e1s de 25 a\u00f1os de experiencia en el sector.<\/p>\n\n\n\n<p class=\"has-noir-color has-text-color has-link-color has-normal-font-size wp-elements-0e6a39e48ddaa1f0a41afc3db04d376c\">Lo que esto significa para ti:<\/p>\n\n\n\n<ul class=\"wp-block-list has-noir-color has-text-color has-link-color has-normal-font-size wp-elements-19e561319ed3940b06dba9ffa98a008c\">\n<li>Un <strong>\u00fanico punto de contacto<\/strong> para todo tu proyecto, desde el dise\u00f1o hasta la finalizaci\u00f3n.<\/li>\n\n\n\n<li><strong>Nos encargamos por completo de<\/strong> tus necesidades, incluyendo la planificaci\u00f3n, la ejecuci\u00f3n y el seguimiento.<\/li>\n\n\n\n<li><strong>Experiencia empresarial<\/strong> integrada en cada fase para una mayor eficacia y optimizaci\u00f3n de costes.<\/li>\n<\/ul>\n\n\n\n<p class=\"has-noir-color has-text-color has-link-color has-normal-font-size wp-elements-0d1a048e25499793a6536792e23cb727\">Nuestro enfoque se basa en :<\/p>\n\n\n\n<ul class=\"wp-block-list has-noir-color has-text-color has-link-color has-normal-font-size wp-elements-a7c61f4a6e4100b1f3c609edcb0ec626\">\n<li>Una <strong>comprensi\u00f3n detallada de<\/strong> tus <strong>necesidades<\/strong> y <strong>expectativas<\/strong>.<\/li>\n\n\n\n<li>Dise\u00f1ado <strong>por operadores<\/strong>, para operadores, garantizando una soluci\u00f3n pr\u00e1ctica y de alto rendimiento.<\/li>\n\n\n\n<li><strong>Supervisi\u00f3n rigurosa <\/strong>de la obra y cumplimiento de las normas y reglamentos.<\/li>\n\n\n\n<li><strong>Comunicaci\u00f3n transparente <\/strong>a lo largo del proyecto y durante la formaci\u00f3n.<\/li>\n<\/ul>\n\n\n\n<p class=\"has-noir-color has-text-color has-link-color has-normal-font-size wp-elements-58320ff380f93d23355f05ece678d004\">Ovive te apoyar\u00e1 durante todo el proyecto, garantizando el \u00e9xito de la construcci\u00f3n llave en mano, desde el dise\u00f1o hasta la puesta en marcha.<\/p>\n\n\n\n<p class=\"has-noir-color has-text-color has-link-color has-normal-font-size wp-elements-259a3cd1cd05cf1bea79936ef3bda494\">No dudes en ponerte en contacto con nosotros para hablar de tus necesidades.<\/p>\n<\/details>\n\n\n\n<details class=\"wp-block-details has-bleu-nuit-color has-text-color has-link-color has-large-font-size wp-elements-7ec74628343ceb1a7aa93776d9b952af is-layout-flow wp-block-details-is-layout-flow\"><summary>RENOVACI\u00d3N Y MEJORA<\/summary>\n<p class=\"has-noir-color has-text-color has-link-color has-normal-font-size wp-elements-11163cdec4c574e82d00abafd731a4bc\">Ovive puede ayudarte a modernizar y renovar tus instalaciones industriales, aprovechando nuestra experiencia como operadores adquirida a lo largo de m\u00e1s de 25 a\u00f1os.<\/p>\n\n\n\n<p class=\"has-noir-color has-text-color has-link-color has-normal-font-size wp-elements-0e6a39e48ddaa1f0a41afc3db04d376c\">Lo que esto significa para ti:<\/p>\n\n\n\n<ul class=\"wp-block-list has-noir-color has-text-color has-link-color has-normal-font-size wp-elements-bb6a146033c5a2f71371417bd3ca0585\">\n<li>Un an\u00e1lisis preciso de tus necesidades y del estado de tus instalaciones.<\/li>\n\n\n\n<li>Soluciones a medida para optimizar el rendimiento y la vida \u00fatil de tus equipos.<\/li>\n\n\n\n<li>Experiencia empresarial integrada para soluciones eficaces y sostenibles.<\/li>\n<\/ul>\n\n\n\n<p class=\"has-noir-color has-text-color has-link-color has-normal-font-size wp-elements-0d1a048e25499793a6536792e23cb727\">Nuestro enfoque se basa en :<\/p>\n\n\n\n<ul class=\"wp-block-list has-noir-color has-text-color has-link-color has-normal-font-size wp-elements-d6e3369544fb6af82145f23733bd1737\">\n<li>Un diagn\u00f3stico completo de tus instalaciones, realizado por operarios experimentados.<\/li>\n\n\n\n<li>Identificar las \u00e1reas de mejora y las soluciones t\u00e9cnicas m\u00e1s adecuadas.<\/li>\n\n\n\n<li>Planificaci\u00f3n rigurosa del trabajo para minimizar el impacto en tu empresa.<\/li>\n\n\n\n<li>Trabajo realizado por equipos cualificados que cumplen las normas y reglamentos.<\/li>\n<\/ul>\n\n\n\n<p class=\"has-noir-color has-text-color has-link-color has-normal-font-size wp-elements-267ef6643d4be2f76582cbb921122caa\">Cuando eliges nuestro servicio de reformas y renovaciones, te beneficias de :<\/p>\n\n\n\n<ul class=\"wp-block-list has-noir-color has-text-color has-link-color has-normal-font-size wp-elements-e6df7e1c24a1cbaefdcaed15637c6f93\">\n<li>Alarga la vida de tus instalaciones.<\/li>\n\n\n\n<li>Mejora el rendimiento y la rentabilidad de tu producci\u00f3n.<\/li>\n\n\n\n<li>Reducci\u00f3n del riesgo de aver\u00edas y accidentes.<\/li>\n\n\n\n<li>Cumplimiento de las normas y reglamentos vigentes.<\/li>\n<\/ul>\n\n\n\n<p class=\"has-noir-color has-text-color has-link-color has-normal-font-size wp-elements-0972d121b24ea355e0021ea59cf15d01\">Ovive estar\u00e1 contigo en cada paso del camino, desde el an\u00e1lisis hasta la finalizaci\u00f3n, para garantizar que tus instalaciones se mejoran y renuevan con \u00e9xito.<\/p>\n\n\n\n<p class=\"has-noir-color has-text-color has-link-color has-normal-font-size wp-elements-259a3cd1cd05cf1bea79936ef3bda494\">No dudes en ponerte en contacto con nosotros para hablar de tus necesidades.<\/p>\n<\/details>\n\n\n\n<details class=\"wp-block-details has-bleu-nuit-color has-text-color has-link-color has-large-font-size wp-elements-7a3aa0541dbf302e3a0e649de38c42e3 is-layout-flow wp-block-details-is-layout-flow\"><summary>M\u00c9TODO DE CALIDAD<\/summary>\n<p class=\"has-noir-color has-text-color has-link-color has-normal-font-size wp-elements-32b288efc533820ce1d2a85f377879a0\">Las construcciones Ovive siguen un riguroso m\u00e9todo de calidad, que garantiza la fiabilidad y seguridad de las instalaciones.<\/p>\n\n\n\n<p class=\"has-noir-color has-text-color has-link-color has-normal-font-size wp-elements-0d1a048e25499793a6536792e23cb727\">Nuestro enfoque se basa en :<\/p>\n\n\n\n<ul class=\"wp-block-list has-noir-color has-text-color has-link-color has-normal-font-size wp-elements-d4d1864386074f84460e2377c9f1dad1\">\n<li><strong>Cumplimiento de las normas y reglamentos vigentes<\/strong>, garantizando que tus instalaciones cumplen los requisitos m\u00e1s estrictos<\/li>\n\n\n\n<li>El uso de materiales y t\u00e9cnicas de construcci\u00f3n <strong>de primera calidad<\/strong>, para <strong>una durabilidad<\/strong> \u00f3ptima de tus instalaciones.<\/li>\n\n\n\n<li>Riguroso <strong>control de calidad<\/strong> en todas las fases del proyecto, para garantizar que el trabajo se realiza con la m\u00e1xima calidad.<\/li>\n\n\n\n<li><strong>Estrecha colaboraci\u00f3n<\/strong> con nuestros clientes para garantizar que se tienen plenamente en cuenta sus necesidades y expectativas.<\/li>\n<\/ul>\n\n\n\n<p class=\"has-noir-color has-text-color has-link-color has-normal-font-size wp-elements-02ea723242ec98c508da5dd9627c8742\">Ponte en contacto con nosotros para hablar de tus necesidades<\/p>\n<\/details>\n<\/div>\n\n<div style=\"height:80px\" aria-hidden=\"true\" class=\"wp-block-spacer qce-global__row-space-80\"><\/div>\n\n<h2 class=\"wp-block-heading has-bleu-nuit-color has-text-color has-link-color wp-elements-1a35b18bafb9ff875c8c02c286cbb267\">nuestros otros trabajos en ovive<\/h2>\n\n<div class=\"wp-block-query is-layout-flow wp-block-query-is-layout-flow\"><ul class=\"qce-liste__sous-pages wp-block-post-template is-layout-flow wp-container-core-post-template-is-layout-99abc081 wp-block-post-template-is-layout-flow\"><li class=\"wp-block-post post-2904 metiers type-metiers status-publish hentry\">\n<p style=\"margin-top:10px;margin-bottom:10px; text-transform:uppercase;\" class=\"has-link-color has-text-color has-bleu-nuit-color wp-block-post-title has-large-font-size\">\n    <a href=\"https:\/\/www.ovive.fr\/es\/comercios\/el-agua-como-servicio\/\" target=\"_self\">El agua como servicio<\/a>\n<\/p>\n<\/li><li class=\"wp-block-post post-2914 metiers type-metiers status-publish hentry\">\n<p style=\"margin-top:10px;margin-bottom:10px; text-transform:uppercase;\" class=\"has-link-color has-text-color has-bleu-nuit-color wp-block-post-title has-large-font-size\">\n    <a href=\"https:\/\/www.ovive.fr\/es\/comercios\/estudios-y-pruebas-piloto\/\" target=\"_self\">Estudios y pruebas piloto<\/a>\n<\/p>\n<\/li><li class=\"wp-block-post post-2908 metiers type-metiers status-publish hentry\">\n<p style=\"margin-top:10px;margin-bottom:10px; text-transform:uppercase;\" class=\"has-link-color has-text-color has-bleu-nuit-color wp-block-post-title has-large-font-size\">\n    <a href=\"https:\/\/www.ovive.fr\/es\/comercios\/funcionamiento-y-mantenimiento\/\" target=\"_self\">Funcionamiento y mantenimiento<\/a>\n<\/p>\n<\/li><li class=\"wp-block-post post-2905 metiers type-metiers status-publish hentry\">\n<p style=\"margin-top:10px;margin-bottom:10px; text-transform:uppercase;\" class=\"has-link-color has-text-color has-bleu-nuit-color wp-block-post-title has-large-font-size\">\n    <a href=\"https:\/\/www.ovive.fr\/es\/comercios\/alquiler-de-una-unidad-movil-de-tratamiento\/\" target=\"_self\">alquiler de una unidad m\u00f3vil de tratamiento<\/a>\n<\/p>\n<\/li><\/ul><\/div>\n\n<div style=\"height:80px\" aria-hidden=\"true\" class=\"wp-block-spacer qce-global__row-space-80\"><\/div>\n\n<div class=\"wp-block-cover alignfull has-custom-content-position is-position-bottom-center qce-banner-full-width\" style=\"min-height:650px;aspect-ratio:unset;\"><span aria-hidden=\"true\" class=\"wp-block-cover__background has-background-dim wp-block-cover__gradient-background has-background-gradient has-custom-gradient-3-gradient-background\"><\/span><img loading=\"lazy\" decoding=\"async\" width=\"1200\" height=\"800\" class=\"wp-block-cover__image-background wp-image-361\" alt=\"\" src=\"https:\/\/www.ovive.fr\/wp-content\/uploads\/2024\/05\/2024-03-Ovive-074.webp\" data-object-fit=\"cover\" srcset=\"https:\/\/www.ovive.fr\/wp-content\/uploads\/2024\/05\/2024-03-Ovive-074.webp 1200w, https:\/\/www.ovive.fr\/wp-content\/uploads\/2024\/05\/2024-03-Ovive-074-300x200.webp 300w, https:\/\/www.ovive.fr\/wp-content\/uploads\/2024\/05\/2024-03-Ovive-074-1024x683.webp 1024w, https:\/\/www.ovive.fr\/wp-content\/uploads\/2024\/05\/2024-03-Ovive-074-768x512.webp 768w\" sizes=\"auto, (max-width: 1200px) 100vw, 1200px\" \/><div class=\"wp-block-cover__inner-container has-global-padding is-layout-constrained wp-block-cover-is-layout-constrained\">\n<h2 class=\"wp-block-heading has-white-color has-text-color has-link-color wp-elements-235082672df0232ce2ece38ec8f6ea30\"><br\/><br\/>El servicio completo, para un tratamiento del agua garantizado<\/h2>\n\n\n\n<p class=\"has-white-color has-text-color has-link-color wp-elements-7c7c6b0f318f7479bcaefda27853cf7a\"><br\/><br\/><br\/><br\/>Ovive se adapta a tus necesidades y te ofrece una soluci\u00f3n de tratamiento de agua y aguas residuales a medida. Sin inversi\u00f3n inicial y con precios de pago por uso, es una soluci\u00f3n flexible, de alto rendimiento y rentable .<\/p>\n\n\n\n<div class=\"wp-block-buttons is-layout-flex wp-block-buttons-is-layout-flex\">\n<div class=\"wp-block-button is-style-outline is-style-outline--3\"><a class=\"wp-block-button__link wp-element-button\" href=\"\/es\/comercios\/el-agua-como-servicio\/\">Descubre el servicio completo<\/a><\/div>\n<\/div>\n<\/div><\/div>\n\n<div style=\"height:80px\" aria-hidden=\"true\" class=\"wp-block-spacer qce-global__row-space-80\"><\/div>\n\n<h2 class=\"wp-block-heading has-bleu-nuit-color has-text-color has-link-color wp-elements-fb9d9792f0ce35d1111875bace56ad9e\"><br\/><br\/>Ovive responde a<mark style=\"background-color:rgba(0, 0, 0, 0)\" class=\"has-inline-color has-jaune-color\">los<\/mark><mark style=\"background-color:rgba(0, 0, 0, 0)\" class=\"has-inline-color has-jaune-color\">retos y necesidades<\/mark> de tu sector de actividad<\/h2>\n\n<div class=\"qce-block-solution-slider swiper\">\n    <div class=\"swiper-wrapper\">\n                        <div class=\"swiper-slide\">\n                    <div class=\"qce-block-solution-slider__content\">\n                        <div>\n                            <img decoding=\"async\" class=\"featured_image\" src=\"https:\/\/www.ovive.fr\/wp-content\/uploads\/2024\/05\/Rectangle-68_7.webp\" \/>\n                            <h3 class=\"has-small-font-size\">Energ\u00eda<\/h3>\n                                                    <\/div>\n\n                        <div class=\"qce-block\u2014button\">\n                            <a class=\"qce-block-link\" href=\"https:\/\/www.ovive.fr\/es\/sectores\/energia\/\">\n                                M\u00e1s informaci\u00f3n                            <\/a>\n                        <\/div>\n\n                    <\/div>\n                <\/div>\n                        <div class=\"swiper-slide\">\n                    <div class=\"qce-block-solution-slider__content\">\n                        <div>\n                            <img decoding=\"async\" class=\"featured_image\" src=\"https:\/\/www.ovive.fr\/wp-content\/uploads\/2024\/05\/Rectangle-68_4.webp\" \/>\n                            <h3 class=\"has-small-font-size\">Industria qu\u00edmica y del pl\u00e1stico<\/h3>\n                                                    <\/div>\n\n                        <div class=\"qce-block\u2014button\">\n                            <a class=\"qce-block-link\" href=\"https:\/\/www.ovive.fr\/es\/sectores\/industria-quimica-y-del-plastico\/\">\n                                M\u00e1s informaci\u00f3n                            <\/a>\n                        <\/div>\n\n                    <\/div>\n                <\/div>\n                        <div class=\"swiper-slide\">\n                    <div class=\"qce-block-solution-slider__content\">\n                        <div>\n                            <img decoding=\"async\" class=\"featured_image\" src=\"https:\/\/www.ovive.fr\/wp-content\/uploads\/2024\/05\/Rectangle-68_6.webp\" \/>\n                            <h3 class=\"has-small-font-size\">Industria farmac\u00e9utica<\/h3>\n                                                    <\/div>\n\n                        <div class=\"qce-block\u2014button\">\n                            <a class=\"qce-block-link\" href=\"https:\/\/www.ovive.fr\/es\/sectores\/industria-farmaceutica\/\">\n                                M\u00e1s informaci\u00f3n                            <\/a>\n                        <\/div>\n\n                    <\/div>\n                <\/div>\n                        <div class=\"swiper-slide\">\n                    <div class=\"qce-block-solution-slider__content\">\n                        <div>\n                            <img decoding=\"async\" class=\"featured_image\" src=\"https:\/\/www.ovive.fr\/wp-content\/uploads\/2024\/05\/Rectangle-68_5.webp\" \/>\n                            <h3 class=\"has-small-font-size\">Industria textil y de transformaci\u00f3n del cuero<\/h3>\n                                                    <\/div>\n\n                        <div class=\"qce-block\u2014button\">\n                            <a class=\"qce-block-link\" href=\"https:\/\/www.ovive.fr\/es\/sectores\/industria-textil-y-de-transformacion-del-cuero\/\">\n                                M\u00e1s informaci\u00f3n                            <\/a>\n                        <\/div>\n\n                    <\/div>\n                <\/div>\n                        <div class=\"swiper-slide\">\n                    <div class=\"qce-block-solution-slider__content\">\n                        <div>\n                            <img decoding=\"async\" class=\"featured_image\" src=\"https:\/\/www.ovive.fr\/wp-content\/uploads\/2024\/05\/Rectangle-68_2.webp\" \/>\n                            <h3 class=\"has-small-font-size\">Industria cosm\u00e9tica<\/h3>\n                                                    <\/div>\n\n                        <div class=\"qce-block\u2014button\">\n                            <a class=\"qce-block-link\" href=\"https:\/\/www.ovive.fr\/es\/sectores\/industria-cosmetica\/\">\n                                M\u00e1s informaci\u00f3n                            <\/a>\n                        <\/div>\n\n                    <\/div>\n                <\/div>\n                        <div class=\"swiper-slide\">\n                    <div class=\"qce-block-solution-slider__content\">\n                        <div>\n                            <img decoding=\"async\" class=\"featured_image\" src=\"https:\/\/www.ovive.fr\/wp-content\/uploads\/2024\/05\/Rectangle-68_3.webp\" \/>\n                            <h3 class=\"has-small-font-size\">Industria del papel y cart\u00f3n<\/h3>\n                                                    <\/div>\n\n                        <div class=\"qce-block\u2014button\">\n                            <a class=\"qce-block-link\" href=\"https:\/\/www.ovive.fr\/es\/sectores\/industria-del-papel-y-carton\/\">\n                                M\u00e1s informaci\u00f3n                            <\/a>\n                        <\/div>\n\n                    <\/div>\n                <\/div>\n                        <div class=\"swiper-slide\">\n                    <div class=\"qce-block-solution-slider__content\">\n                        <div>\n                            <img decoding=\"async\" class=\"featured_image\" src=\"https:\/\/www.ovive.fr\/wp-content\/uploads\/2024\/05\/Rectangle-68_1.webp\" \/>\n                            <h3 class=\"has-small-font-size\">Industria alimentaria<\/h3>\n                                                    <\/div>\n\n                        <div class=\"qce-block\u2014button\">\n                            <a class=\"qce-block-link\" href=\"https:\/\/www.ovive.fr\/es\/sectores\/industria-alimentaria\/\">\n                                M\u00e1s informaci\u00f3n                            <\/a>\n                        <\/div>\n\n                    <\/div>\n                <\/div>\n                        <div class=\"swiper-slide\">\n                    <div class=\"qce-block-solution-slider__content\">\n                        <div>\n                            <img decoding=\"async\" class=\"featured_image\" src=\"https:\/\/www.ovive.fr\/wp-content\/uploads\/2024\/05\/Rectangle-68.webp\" \/>\n                            <h3 class=\"has-small-font-size\">Profesionales de los residuos<\/h3>\n                                                    <\/div>\n\n                        <div class=\"qce-block\u2014button\">\n                            <a class=\"qce-block-link\" href=\"https:\/\/www.ovive.fr\/es\/sectores\/profesionales-de-los-residuos\/\">\n                                M\u00e1s informaci\u00f3n                            <\/a>\n                        <\/div>\n\n                    <\/div>\n                <\/div>\n            <\/div>\n    <div class=\"swiper-navigation\">\n        <div class=\"swiper-button-prev\"><\/div>\n        <div class=\"swiper-button-next\"><\/div>\n    <\/div>\n<\/div>\n<div style=\"height:80px\" aria-hidden=\"true\" class=\"wp-block-spacer qce-global__row-space-80\"><\/div>\n\n<div class=\"wp-block-media-text is-stacked-on-mobile is-vertically-aligned-bottom is-image-fill\" style=\"padding-top:0px;padding-right:0px;padding-bottom:0px;padding-left:0px;grid-template-columns:55% auto\"><figure class=\"wp-block-media-text__media\" style=\"background-image:url(https:\/\/www.ovive.fr\/wp-content\/uploads\/2024\/05\/MARIE-ET-AMAURY-copie-1024x576.webp);background-position:50% 50%\"><img loading=\"lazy\" decoding=\"async\" width=\"1024\" height=\"576\" src=\"https:\/\/www.ovive.fr\/wp-content\/uploads\/2024\/05\/MARIE-ET-AMAURY-copie-1024x576.webp\" alt=\"\" class=\"wp-image-347 size-full\" srcset=\"https:\/\/www.ovive.fr\/wp-content\/uploads\/2024\/05\/MARIE-ET-AMAURY-copie-1024x576.webp 1024w, https:\/\/www.ovive.fr\/wp-content\/uploads\/2024\/05\/MARIE-ET-AMAURY-copie-300x169.webp 300w, https:\/\/www.ovive.fr\/wp-content\/uploads\/2024\/05\/MARIE-ET-AMAURY-copie-768x432.webp 768w, https:\/\/www.ovive.fr\/wp-content\/uploads\/2024\/05\/MARIE-ET-AMAURY-copie.webp 1200w\" sizes=\"auto, (max-width: 1024px) 100vw, 1024px\" \/><\/figure><div class=\"wp-block-media-text__content\">\n<p class=\"has-bleu-nuit-color has-text-color has-link-color has-x-large-font-size wp-elements-ab93e12168b0f26c664b6ef970af92cd\" style=\"text-transform:uppercase\"><br\/> <br\/>ovive, una historia familiar<\/p>\n\n\n\n<p><br\/>La historia de Ovive es una aventura industrial y humana, hecha de una pasi\u00f3n por el esp\u00edritu emprendedor y la innovaci\u00f3n que le permite afrontar los retos de la preservaci\u00f3n de nuestros recursos con ambici\u00f3n y dinamismo. Descubre las innovaciones y los grandes acontecimientos que han forjado la identidad de Ovive.<\/p>\n\n\n\n<div class=\"wp-block-buttons is-horizontal is-nowrap is-layout-flex wp-container-core-buttons-is-layout-2487dcaa wp-block-buttons-is-layout-flex\">\n<div class=\"wp-block-button is-style-outline is-style-outline--4\"><a class=\"wp-block-button__link wp-element-button\" href=\"https:\/\/www.ovive.fr\/entreprise\/qui-sommes-nous\/\">\u00bfQui\u00e9nes somos?<\/a><\/div>\n\n\n\n<div class=\"wp-block-button is-style-fill\"><a class=\"wp-block-button__link wp-element-button\" href=\"https:\/\/www.ovive.fr\/entreprise\/agences\/\">Nuestras sucursales<\/a><\/div>\n<\/div>\n<\/div><\/div>\n","protected":false},"featured_media":0,"parent":0,"template":"","class_list":["post-2910","metiers","type-metiers","status-publish","hentry"],"acf":[],"_links":{"self":[{"href":"https:\/\/www.ovive.fr\/es\/wp-json\/wp\/v2\/metiers\/2910","targetHints":{"allow":["GET"]}}],"collection":[{"href":"https:\/\/www.ovive.fr\/es\/wp-json\/wp\/v2\/metiers"}],"about":[{"href":"https:\/\/www.ovive.fr\/es\/wp-json\/wp\/v2\/types\/metiers"}],"wp:attachment":[{"href":"https:\/\/www.ovive.fr\/es\/wp-json\/wp\/v2\/media?parent=2910"}],"curies":[{"name":"wp","href":"https:\/\/api.w.org\/{rel}","templated":true}]}}